{"id":1298,"date":"2018-03-19T09:37:38","date_gmt":"2018-03-19T13:37:38","guid":{"rendered":"http:\/\/puellaro.gob.ec\/pichincha\/?page_id=1298"},"modified":"2018-04-26T13:14:51","modified_gmt":"2018-04-26T17:14:51","slug":"rendicion-de-cuentas-2017-2","status":"publish","type":"page","link":"https:\/\/puellaro.gob.ec\/pichincha\/?page_id=1298","title":{"rendered":"Rendici\u00f3n de cuentas 2017"},"content":{"rendered":"<p><strong>FASE 1.-PLANIFICACI\u00d3N Y FACILITACI\u00d3N DEL PROCESO.<\/strong><\/p>\n<p><a href=\"http:\/\/puellaro.gob.ec\/pichincha\/wp-content\/uploads\/2018\/04\/2017-ORGANIZACI\u00d3N-DEL-PROCESO.pdf\">1.- ORGANIZACI\u00d3N DEL PROCESO<\/a><\/p>\n<p>2.-<a href=\"http:\/\/puellaro.gob.ec\/pichincha\/wp-content\/uploads\/2018\/03\/CONTRATO-T\u00c9CNICO-PARA-RENDICI\u00d3N-DE-CUENTAS.pdf\">CONTRATO T\u00c9CNICO PARA RENDICI\u00d3N DE CUENTAS<\/a><\/p>\n<p><a href=\"http:\/\/puellaro.gob.ec\/pichincha\/wp-content\/uploads\/2018\/04\/2017-CONVOCATORIA-A-ORGANIZACIONES-SOCIALES-Y-CIUDADAN\u00cdA-EN-GENERAL.pdf\">3.-CONVOCATORIA A ORGANIZACIONES SOCIALES Y CIUDADAN\u00cdA EN GENERAL<\/a><\/p>\n<p><a href=\"http:\/\/puellaro.gob.ec\/pichincha\/wp-content\/uploads\/2018\/04\/2017-REGISTRO-DE-CONVOCATORIAS-PARA-DELIBERACI\u00d3N-P\u00daBLICA.pdf\">4.-REGISTRO DE CONVOCATORIAS PARA DELIBERACI\u00d3N P\u00daBLICA<\/a><\/p>\n<p><a href=\"http:\/\/puellaro.gob.ec\/pichincha\/wp-content\/uploads\/2018\/04\/2017-TEMAS-ENTREGADOS-POR-LA-CIUDADAN\u00cdA.pdf\">5.-TEMAS ENTREGADOS POR LA CIUDADAN\u00cdA<\/a><\/p>\n<p><a href=\"http:\/\/puellaro.gob.ec\/pichincha\/wp-content\/uploads\/2018\/04\/2017-RESPUESTAS-DESDE-EL-GAD-A-LOS-CIUDADANOS.pdf\">6.-RESPUESTAS DESDE EL GAD A LOS CIUDADANOS<\/a><\/p>\n<p><a href=\"http:\/\/puellaro.gob.ec\/pichincha\/wp-content\/uploads\/2018\/04\/2017-INSTANCIAS-DE-PARTICIPACI\u00d3N.pdf\">7.-INSTANCIAS DE PARTICIPACI\u00d3N<\/a><\/p>\n<p><a href=\"http:\/\/puellaro.gob.ec\/pichincha\/wp-content\/uploads\/2018\/04\/2017-FLUJOGRAMA-DE-LA-FASE.pdf\">8.-FLUJOGRAMA DE LA FASE<\/a><\/p>\n<p>&nbsp;<\/p>\n<p><strong>FASE 2.-EVALUACI\u00d3N DE LA GESTI\u00d3N Y ELABORACI\u00d3N DEL INFORME DE RENDICI\u00d3N DE CUENTAS.<\/strong><\/p>\n<p>1.-EVALUACI\u00d3N DE LA GESTI\u00d3N INSTITUCIONAL<\/p>\n<p>2.-LLENADO DE FORMULARIO CPCCS<\/p>\n<p><a href=\"http:\/\/puellaro.gob.ec\/pichincha\/wp-content\/uploads\/2018\/03\/FORMULARIO-CPCCS-2017.pdf\">FORMULARIO CPCCS 2017<\/a><\/p>\n<p><a href=\"http:\/\/puellaro.gob.ec\/pichincha\/wp-content\/uploads\/2018\/03\/FORMULARIO-GAD-2017.pdf\">FORMULARIO GAD 2017<\/a><\/p>\n<p>3.-APROBACI\u00d3N DEL INFORME POR EL GAD<\/p>\n<p>4.-ENTREGA PREVIA DEL INFORME A LA ASAMBLEA CIUDADANA LOCAL<\/p>\n<p><a href=\"http:\/\/puellaro.gob.ec\/pichincha\/wp-content\/uploads\/2018\/03\/INFORME-FINANCIERO-GASTOS-INGRESO.pdf\">INFORME FINANCIERO GASTOS INGRESO<\/a><\/p>\n<p><img loading=\"lazy\" decoding=\"async\" class=\"alignnone size-full wp-image-1420\" src=\"http:\/\/puellaro.gob.ec\/pichincha\/wp-content\/uploads\/2018\/03\/Diapositiva1.png\" alt=\"\" width=\"960\" height=\"720\" srcset=\"https:\/\/puellaro.gob.ec\/pichincha\/wp-content\/uploads\/2018\/03\/Diapositiva1.png 960w, https:\/\/puellaro.gob.ec\/pichincha\/wp-content\/uploads\/2018\/03\/Diapositiva1-550x413.png 550w, https:\/\/puellaro.gob.ec\/pichincha\/wp-content\/uploads\/2018\/03\/Diapositiva1-768x576.png 768w\" sizes=\"auto, (max-width: 960px) 100vw, 960px\" \/> <img loading=\"lazy\" decoding=\"async\" class=\"alignnone size-full wp-image-1421\" src=\"http:\/\/puellaro.gob.ec\/pichincha\/wp-content\/uploads\/2018\/03\/Diapositiva2.png\" alt=\"\" width=\"960\" height=\"720\" srcset=\"https:\/\/puellaro.gob.ec\/pichincha\/wp-content\/uploads\/2018\/03\/Diapositiva2.png 960w, https:\/\/puellaro.gob.ec\/pichincha\/wp-content\/uploads\/2018\/03\/Diapositiva2-550x413.png 550w, https:\/\/puellaro.gob.ec\/pichincha\/wp-content\/uploads\/2018\/03\/Diapositiva2-768x576.png 768w\" sizes=\"auto, (max-width: 960px) 100vw, 960px\" \/> <img loading=\"lazy\" decoding=\"async\" class=\"alignnone size-full wp-image-1422\" src=\"http:\/\/puellaro.gob.ec\/pichincha\/wp-content\/uploads\/2018\/03\/Diapositiva3.png\" alt=\"\" width=\"960\" height=\"720\" srcset=\"https:\/\/puellaro.gob.ec\/pichincha\/wp-content\/uploads\/2018\/03\/Diapositiva3.png 960w, https:\/\/puellaro.gob.ec\/pichincha\/wp-content\/uploads\/2018\/03\/Diapositiva3-550x413.png 550w, https:\/\/puellaro.gob.ec\/pichincha\/wp-content\/uploads\/2018\/03\/Diapositiva3-768x576.png 768w\" sizes=\"auto, (max-width: 960px) 100vw, 960px\" \/> <img loading=\"lazy\" decoding=\"async\" class=\"alignnone size-full wp-image-1423\" src=\"http:\/\/puellaro.gob.ec\/pichincha\/wp-content\/uploads\/2018\/03\/Diapositiva4.png\" alt=\"\" width=\"960\" height=\"720\" srcset=\"https:\/\/puellaro.gob.ec\/pichincha\/wp-content\/uploads\/2018\/03\/Diapositiva4.png 960w, https:\/\/puellaro.gob.ec\/pichincha\/wp-content\/uploads\/2018\/03\/Diapositiva4-550x413.png 550w, https:\/\/puellaro.gob.ec\/pichincha\/wp-content\/uploads\/2018\/03\/Diapositiva4-768x576.png 768w\" sizes=\"auto, (max-width: 960px) 100vw, 960px\" \/> <img loading=\"lazy\" decoding=\"async\" class=\"alignnone size-full wp-image-1424\" src=\"http:\/\/puellaro.gob.ec\/pichincha\/wp-content\/uploads\/2018\/03\/Diapositiva5.png\" alt=\"\" width=\"700\" height=\"525\" srcset=\"https:\/\/puellaro.gob.ec\/pichincha\/wp-content\/uploads\/2018\/03\/Diapositiva5.png 700w, https:\/\/puellaro.gob.ec\/pichincha\/wp-content\/uploads\/2018\/03\/Diapositiva5-550x413.png 550w\" sizes=\"auto, (max-width: 700px) 100vw, 700px\" \/> <img loading=\"lazy\" decoding=\"async\" class=\"alignnone size-full wp-image-1425\" src=\"http:\/\/puellaro.gob.ec\/pichincha\/wp-content\/uploads\/2018\/03\/Diapositiva6.png\" alt=\"\" width=\"700\" height=\"525\" srcset=\"https:\/\/puellaro.gob.ec\/pichincha\/wp-content\/uploads\/2018\/03\/Diapositiva6.png 700w, https:\/\/puellaro.gob.ec\/pichincha\/wp-content\/uploads\/2018\/03\/Diapositiva6-550x413.png 550w\" sizes=\"auto, (max-width: 700px) 100vw, 700px\" \/><\/p>\n<p><a href=\"http:\/\/puellaro.gob.ec\/pichincha\/wp-content\/uploads\/2018\/03\/RC-Hernan-Loachamin.pdf\">RC Hernan Loachamin<\/a><\/p>\n<p><a href=\"http:\/\/puellaro.gob.ec\/pichincha\/wp-content\/uploads\/2018\/03\/RC-David-Enriquez.pdf\">RC David Enriquez<\/a><\/p>\n<p><a href=\"http:\/\/puellaro.gob.ec\/pichincha\/wp-content\/uploads\/2018\/03\/DON-ALFREDO.pdf\">DON ALFREDO<\/a><\/p>\n<p><a href=\"http:\/\/puellaro.gob.ec\/pichincha\/wp-content\/uploads\/2018\/03\/RC-GERM\u00c1N-TORRES.pdf\">RC GERM\u00c1N TORRES<\/a><\/p>\n<p><strong>FASE 3.-DELIBERACI\u00d3N P\u00daBLICA Y EVALUACI\u00d3N CIUDADANA DEL INFORME DE RENDICI\u00d3N DE CUENTAS.<\/strong><\/p>\n<p>1.-LA ASAMBLEA CIUDADANA LOCAL EVAL\u00daA EL INFORME DE RENDICI\u00d3N DE CUENTAS<\/p>\n<p><img loading=\"lazy\" decoding=\"async\" class=\"alignnone size-full wp-image-1419\" src=\"http:\/\/puellaro.gob.ec\/pichincha\/wp-content\/uploads\/2018\/03\/IMG_1843.jpg\" alt=\"\" width=\"700\" height=\"525\" srcset=\"https:\/\/puellaro.gob.ec\/pichincha\/wp-content\/uploads\/2018\/03\/IMG_1843.jpg 700w, https:\/\/puellaro.gob.ec\/pichincha\/wp-content\/uploads\/2018\/03\/IMG_1843-550x413.jpg 550w\" sizes=\"auto, (max-width: 700px) 100vw, 700px\" \/><\/p>\n<p>2.-DIFUSI\u00d3N PREVIA DEL INFORME DE RENDICI\u00d3N DE CUENTAS<\/p>\n<p>3.-CONVOCATORIA A LA DELIBERACI\u00d3N P\u00daBLICA Y EVALUACI\u00d3N CIUDADANA<\/p>\n<p>https:\/\/www.facebook.com\/762015620495903\/photos\/a.762187897145342.1073741828.762015620495903\/1823077964389658\/?type=3&#038;theater<\/p>\n<p>https:\/\/www.facebook.com\/762015620495903\/photos\/<\/p>\n<p>4.-DELIBERACI\u00d3N P\u00daBLICA Y EVALUACI\u00d3N CIUDADANA<\/p>\n<p>https:\/\/www.facebook.com\/762015620495903\/photos\/ms.c.eJw9zsENADEIA8GOTgEMhv4bO4WEfEcIryQlgXRNhC39pCHCy0WZeQHuIawInwvqBiAf8IBdoK~;9dBnnQhqEA1TrFVsXHLkv1GpmIR2GGCC644FX9NOSWcnqDhugdDrWS~;eTHvk65HToD4daN4k~-.bps.a.1871843429513111.1073742012.762015620495903\/1871844852846302\/?type=3&#038;theater<\/p>\n<p>https:\/\/www.facebook.com\/media\/set\/<\/p>\n<p><a href=\"http:\/\/puellaro.gob.ec\/pichincha\/wp-content\/uploads\/2018\/04\/2017-ORDEN-DEL-D\u00cdA-DELIBERACI\u00d3N-P\u00daBLICA.pdf\">5.-ORDEN DEL D\u00cdA DELIBERACI\u00d3N P\u00daBLICA<\/a><\/p>\n<p>&nbsp;<\/p>\n<p><strong>FASE 4.-INCORPORACI\u00d3N DE LA OPINI\u00d3N CIUDADANA, RETROALIMENTACI\u00d3N Y SEGUIMIENTO.<\/strong><\/p>\n<p>1.-INCORPORACI\u00d3N DE OPINI\u00d3N CIUDADANA<\/p>\n<p>2.-ENTREGA DEL INFORME DE RENDICI\u00d3N DE CUENTAS AL CPCCS<\/p>\n<p>3.-MONITOREO DEL CUMPLIMIENTO DEL PROCESO POR EL CPCCS<\/p>\n<p>&nbsp;<\/p>\n","protected":false},"excerpt":{"rendered":"<p>FASE 1.-PLANIFICACI\u00d3N Y FACILITACI\u00d3N DEL PROCESO. 1.- ORGANIZACI\u00d3N DEL PROCESO 2.-CONTRATO T\u00c9CNICO PARA RENDICI\u00d3N DE CUENTAS 3.-CONVOCATORIA A ORGANIZACIONES SOCIALES Y CIUDADAN\u00cdA EN GENERAL 4.-REGISTRO DE CONVOCATORIAS PARA DELIBERACI\u00d3N P\u00daBLICA 5.-TEMAS ENTREGADOS POR LA CIUDADAN\u00cdA 6.-RESPUESTAS DESDE EL GAD A LOS CIUDADANOS 7.-INSTANCIAS DE PARTICIPACI\u00d3N 8.-FLUJOGRAMA DE LA FASE &nbsp; FASE 2.-EVALUACI\u00d3N DE LA GESTI\u00d3N&#8230;<\/p>\n","protected":false},"author":6,"featured_media":0,"parent":0,"menu_order":0,"comment_status":"closed","ping_status":"closed","template":"","meta":{"footnotes":""},"class_list":["post-1298","page","type-page","status-publish","hentry"],"_links":{"self":[{"href":"https:\/\/puellaro.gob.ec\/pichincha\/index.php?rest_route=\/wp\/v2\/pages\/1298","targetHints":{"allow":["GET"]}}],"collection":[{"href":"https:\/\/puellaro.gob.ec\/pichincha\/index.php?rest_route=\/wp\/v2\/pages"}],"about":[{"href":"https:\/\/puellaro.gob.ec\/pichincha\/index.php?rest_route=\/wp\/v2\/types\/page"}],"author":[{"embeddable":true,"href":"https:\/\/puellaro.gob.ec\/pichincha\/index.php?rest_route=\/wp\/v2\/users\/6"}],"replies":[{"embeddable":true,"href":"https:\/\/puellaro.gob.ec\/pichincha\/index.php?rest_route=%2Fwp%2Fv2%2Fcomments&post=1298"}],"version-history":[{"count":7,"href":"https:\/\/puellaro.gob.ec\/pichincha\/index.php?rest_route=\/wp\/v2\/pages\/1298\/revisions"}],"predecessor-version":[{"id":1461,"href":"https:\/\/puellaro.gob.ec\/pichincha\/index.php?rest_route=\/wp\/v2\/pages\/1298\/revisions\/1461"}],"wp:attachment":[{"href":"https:\/\/puellaro.gob.ec\/pichincha\/index.php?rest_route=%2Fwp%2Fv2%2Fmedia&parent=1298"}],"curies":[{"name":"wp","href":"https:\/\/api.w.org\/{rel}","templated":true}]}}